{"id":1755,"date":"2025-04-17T16:12:48","date_gmt":"2025-04-17T14:12:48","guid":{"rendered":"https:\/\/jardinsonorefestival.com\/?page_id=1755"},"modified":"2026-03-18T13:59:34","modified_gmt":"2026-03-18T12:59:34","slug":"partenaires","status":"publish","type":"page","link":"https:\/\/jardinsonorefestival.com\/en\/partenaires\/","title":{"rendered":"Partners"},"content":{"rendered":"<div data-elementor-type=\"wp-page\" data-elementor-id=\"1755\" class=\"elementor elementor-1755\" data-elementor-post-type=\"page\">\n\t\t\t\t<div class=\"elementor-element elementor-element-b71e240 e-flex e-con-boxed e-con e-parent\" data-id=\"b71e240\" data-element_type=\"container\" data-e-type=\"container\" data-settings=\"{&quot;background_background&quot;:&quot;classic&quot;}\">\n\t\t\t\t\t<div class=\"e-con-inner\">\n\t\t\t\t<div class=\"elementor-element elementor-element-2cc8d55 elementor-widget elementor-widget-qi_addons_for_elementor_animated_text\" data-id=\"2cc8d55\" data-element_type=\"widget\" data-e-type=\"widget\" data-widget_type=\"qi_addons_for_elementor_animated_text.default\">\n\t\t\t\t<div class=\"elementor-widget-container\">\n\t\t\t\t\t<div class=\"qodef-shortcode qodef-m qodef-qi-animated-text qodef--alignment-center qodef-qi--has-appear qodef--appear-from-bottom\" >\n\t\t<h1 class=\"qodef-m-title\">\n\t\tPARTNERS\t<\/h1>\n<\/div>\n\t\t\t\t<\/div>\n\t\t\t\t<\/div>\n\t\t\t\t\t<\/div>\n\t\t\t\t<\/div>\n\t\t<div class=\"elementor-element elementor-element-b91cd6f e-flex e-con-boxed e-con e-parent\" data-id=\"b91cd6f\" data-element_type=\"container\" data-e-type=\"container\" data-settings=\"{&quot;background_background&quot;:&quot;classic&quot;}\">\n\t\t\t\t\t<div class=\"e-con-inner\">\n\t\t<div class=\"elementor-element elementor-element-7d2cdbf e-grid e-con-full e-con e-child\" data-id=\"7d2cdbf\" data-element_type=\"container\" data-e-type=\"container\">\n\t\t\t\t<div class=\"elementor-element elementor-element-1587eb2 elementor-widget elementor-widget-image\" data-id=\"1587eb2\" data-element_type=\"widget\" data-e-type=\"widget\" data-widget_type=\"image.default\">\n\t\t\t\t\t\t\t\t\t\t\t\t\t\t\t\t<a href=\"https:\/\/www.vitrolles13.fr\/\">\n\t\t\t\t\t\t\t<img decoding=\"async\" width=\"300\" height=\"150\" src=\"https:\/\/jardinsonorefestival.com\/wp-content\/uploads\/2025\/04\/partenaires_0012_Logo-Vitrolles-300x150.jpg\" class=\"attachment-medium size-medium wp-image-1769\" alt=\"\" srcset=\"https:\/\/jardinsonorefestival.com\/wp-content\/uploads\/2025\/04\/partenaires_0012_Logo-Vitrolles-300x150.jpg 300w, https:\/\/jardinsonorefestival.com\/wp-content\/uploads\/2025\/04\/partenaires_0012_Logo-Vitrolles-768x384.jpg 768w, https:\/\/jardinsonorefestival.com\/wp-content\/uploads\/2025\/04\/partenaires_0012_Logo-Vitrolles-18x9.jpg 18w, https:\/\/jardinsonorefestival.com\/wp-content\/uploads\/2025\/04\/partenaires_0012_Logo-Vitrolles.jpg 800w\" sizes=\"(max-width: 300px) 100vw, 300px\" \/>\t\t\t\t\t\t\t\t<\/a>\n\t\t\t\t\t\t\t\t\t\t\t\t\t\t\t<\/div>\n\t\t\t\t<div class=\"elementor-element elementor-element-b0089ad elementor-widget elementor-widget-image\" data-id=\"b0089ad\" data-element_type=\"widget\" data-e-type=\"widget\" data-widget_type=\"image.default\">\n\t\t\t\t\t\t\t\t\t\t\t\t\t\t\t\t<a href=\"https:\/\/ampmetropole.fr\/\">\n\t\t\t\t\t\t\t<img decoding=\"async\" width=\"300\" height=\"150\" src=\"https:\/\/jardinsonorefestival.com\/wp-content\/uploads\/2025\/04\/partenaires_0008_logo_LAMETROPOLE_H_quadri-300x150.jpg\" class=\"attachment-medium size-medium wp-image-1760\" alt=\"\" srcset=\"https:\/\/jardinsonorefestival.com\/wp-content\/uploads\/2025\/04\/partenaires_0008_logo_LAMETROPOLE_H_quadri-300x150.jpg 300w, https:\/\/jardinsonorefestival.com\/wp-content\/uploads\/2025\/04\/partenaires_0008_logo_LAMETROPOLE_H_quadri-768x384.jpg 768w, https:\/\/jardinsonorefestival.com\/wp-content\/uploads\/2025\/04\/partenaires_0008_logo_LAMETROPOLE_H_quadri-18x9.jpg 18w, https:\/\/jardinsonorefestival.com\/wp-content\/uploads\/2025\/04\/partenaires_0008_logo_LAMETROPOLE_H_quadri.jpg 800w\" sizes=\"(max-width: 300px) 100vw, 300px\" \/>\t\t\t\t\t\t\t\t<\/a>\n\t\t\t\t\t\t\t\t\t\t\t\t\t\t\t<\/div>\n\t\t\t\t<div class=\"elementor-element elementor-element-19ad2ce elementor-widget elementor-widget-image\" data-id=\"19ad2ce\" data-element_type=\"widget\" data-e-type=\"widget\" data-widget_type=\"image.default\">\n\t\t\t\t\t\t\t\t\t\t\t\t\t\t\t\t<a href=\"https:\/\/cnm.fr\/\">\n\t\t\t\t\t\t\t<img decoding=\"async\" width=\"300\" height=\"150\" src=\"https:\/\/jardinsonorefestival.com\/wp-content\/uploads\/2025\/06\/viedartistes-300x150.jpg\" class=\"attachment-medium size-medium wp-image-1966\" alt=\"\" srcset=\"https:\/\/jardinsonorefestival.com\/wp-content\/uploads\/2025\/06\/viedartistes-300x150.jpg 300w, https:\/\/jardinsonorefestival.com\/wp-content\/uploads\/2025\/06\/viedartistes-768x384.jpg 768w, https:\/\/jardinsonorefestival.com\/wp-content\/uploads\/2025\/06\/viedartistes-18x9.jpg 18w, https:\/\/jardinsonorefestival.com\/wp-content\/uploads\/2025\/06\/viedartistes.jpg 800w\" sizes=\"(max-width: 300px) 100vw, 300px\" \/>\t\t\t\t\t\t\t\t<\/a>\n\t\t\t\t\t\t\t\t\t\t\t\t\t\t\t<\/div>\n\t\t\t\t<div class=\"elementor-element elementor-element-ec0db35 elementor-widget elementor-widget-image\" data-id=\"ec0db35\" data-element_type=\"widget\" data-e-type=\"widget\" data-widget_type=\"image.default\">\n\t\t\t\t\t\t\t\t\t\t\t\t\t\t\t\t<a href=\"https:\/\/www.sacem.fr\/\">\n\t\t\t\t\t\t\t<img loading=\"lazy\" decoding=\"async\" width=\"300\" height=\"150\" src=\"https:\/\/jardinsonorefestival.com\/wp-content\/uploads\/2025\/04\/partenaires_0000_SACEM_HD-300x150.jpg\" class=\"attachment-medium size-medium wp-image-1768\" alt=\"\" srcset=\"https:\/\/jardinsonorefestival.com\/wp-content\/uploads\/2025\/04\/partenaires_0000_SACEM_HD-300x150.jpg 300w, https:\/\/jardinsonorefestival.com\/wp-content\/uploads\/2025\/04\/partenaires_0000_SACEM_HD-768x384.jpg 768w, https:\/\/jardinsonorefestival.com\/wp-content\/uploads\/2025\/04\/partenaires_0000_SACEM_HD-18x9.jpg 18w, https:\/\/jardinsonorefestival.com\/wp-content\/uploads\/2025\/04\/partenaires_0000_SACEM_HD.jpg 800w\" sizes=\"(max-width: 300px) 100vw, 300px\" \/>\t\t\t\t\t\t\t\t<\/a>\n\t\t\t\t\t\t\t\t\t\t\t\t\t\t\t<\/div>\n\t\t\t\t<div class=\"elementor-element elementor-element-ada7b56 elementor-widget elementor-widget-image\" data-id=\"ada7b56\" data-element_type=\"widget\" data-e-type=\"widget\" data-widget_type=\"image.default\">\n\t\t\t\t\t\t\t\t\t\t\t\t\t\t\t\t<a href=\"https:\/\/cnm.fr\/\">\n\t\t\t\t\t\t\t<img loading=\"lazy\" decoding=\"async\" width=\"300\" height=\"150\" src=\"https:\/\/jardinsonorefestival.com\/wp-content\/uploads\/2025\/04\/partenaires_0000_CNM_logo-300x150.jpg\" class=\"attachment-medium size-medium wp-image-1770\" alt=\"\" srcset=\"https:\/\/jardinsonorefestival.com\/wp-content\/uploads\/2025\/04\/partenaires_0000_CNM_logo-300x150.jpg 300w, https:\/\/jardinsonorefestival.com\/wp-content\/uploads\/2025\/04\/partenaires_0000_CNM_logo-768x384.jpg 768w, https:\/\/jardinsonorefestival.com\/wp-content\/uploads\/2025\/04\/partenaires_0000_CNM_logo-18x9.jpg 18w, https:\/\/jardinsonorefestival.com\/wp-content\/uploads\/2025\/04\/partenaires_0000_CNM_logo.jpg 800w\" sizes=\"(max-width: 300px) 100vw, 300px\" \/>\t\t\t\t\t\t\t\t<\/a>\n\t\t\t\t\t\t\t\t\t\t\t\t\t\t\t<\/div>\n\t\t\t\t<div class=\"elementor-element elementor-element-f9785c4 elementor-widget elementor-widget-image\" data-id=\"f9785c4\" data-element_type=\"widget\" data-e-type=\"widget\" data-widget_type=\"image.default\">\n\t\t\t\t\t\t\t\t\t\t\t\t\t\t\t\t<a href=\"https:\/\/www.parascandola.fr\/\">\n\t\t\t\t\t\t\t<img loading=\"lazy\" decoding=\"async\" width=\"300\" height=\"150\" src=\"https:\/\/jardinsonorefestival.com\/wp-content\/uploads\/2025\/04\/partenaires_0009_cite-de-l_auto-VITROLLES-GRAND-FORMAT-300x150.jpg\" class=\"attachment-medium size-medium wp-image-1759\" alt=\"\" srcset=\"https:\/\/jardinsonorefestival.com\/wp-content\/uploads\/2025\/04\/partenaires_0009_cite-de-l_auto-VITROLLES-GRAND-FORMAT-300x150.jpg 300w, https:\/\/jardinsonorefestival.com\/wp-content\/uploads\/2025\/04\/partenaires_0009_cite-de-l_auto-VITROLLES-GRAND-FORMAT-768x384.jpg 768w, https:\/\/jardinsonorefestival.com\/wp-content\/uploads\/2025\/04\/partenaires_0009_cite-de-l_auto-VITROLLES-GRAND-FORMAT-18x9.jpg 18w, https:\/\/jardinsonorefestival.com\/wp-content\/uploads\/2025\/04\/partenaires_0009_cite-de-l_auto-VITROLLES-GRAND-FORMAT.jpg 800w\" sizes=\"(max-width: 300px) 100vw, 300px\" \/>\t\t\t\t\t\t\t\t<\/a>\n\t\t\t\t\t\t\t\t\t\t\t\t\t\t\t<\/div>\n\t\t\t\t<div class=\"elementor-element elementor-element-8873994 elementor-widget elementor-widget-image\" data-id=\"8873994\" data-element_type=\"widget\" data-e-type=\"widget\" data-widget_type=\"image.default\">\n\t\t\t\t\t\t\t\t\t\t\t\t\t\t\t\t<a href=\"https:\/\/brasseriepietra.corsica\/\">\n\t\t\t\t\t\t\t<img loading=\"lazy\" decoding=\"async\" width=\"300\" height=\"150\" src=\"https:\/\/jardinsonorefestival.com\/wp-content\/uploads\/2026\/03\/pietra-300x150.jpg\" class=\"attachment-medium size-medium wp-image-2682\" alt=\"\" srcset=\"https:\/\/jardinsonorefestival.com\/wp-content\/uploads\/2026\/03\/pietra-300x150.jpg 300w, https:\/\/jardinsonorefestival.com\/wp-content\/uploads\/2026\/03\/pietra-768x384.jpg 768w, https:\/\/jardinsonorefestival.com\/wp-content\/uploads\/2026\/03\/pietra-18x9.jpg 18w, https:\/\/jardinsonorefestival.com\/wp-content\/uploads\/2026\/03\/pietra.jpg 800w\" sizes=\"(max-width: 300px) 100vw, 300px\" \/>\t\t\t\t\t\t\t\t<\/a>\n\t\t\t\t\t\t\t\t\t\t\t\t\t\t\t<\/div>\n\t\t\t\t<div class=\"elementor-element elementor-element-ea80ff1 elementor-widget elementor-widget-image\" data-id=\"ea80ff1\" data-element_type=\"widget\" data-e-type=\"widget\" data-widget_type=\"image.default\">\n\t\t\t\t\t\t\t\t\t\t\t\t\t\t\t\t<a href=\"https:\/\/montanerpietriniboissons.fr\/\">\n\t\t\t\t\t\t\t<img loading=\"lazy\" decoding=\"async\" width=\"300\" height=\"150\" src=\"https:\/\/jardinsonorefestival.com\/wp-content\/uploads\/2025\/04\/partenaires_0011_banniere-MPB-300x150.jpg\" class=\"attachment-medium size-medium wp-image-1757\" alt=\"\" srcset=\"https:\/\/jardinsonorefestival.com\/wp-content\/uploads\/2025\/04\/partenaires_0011_banniere-MPB-300x150.jpg 300w, https:\/\/jardinsonorefestival.com\/wp-content\/uploads\/2025\/04\/partenaires_0011_banniere-MPB-768x384.jpg 768w, https:\/\/jardinsonorefestival.com\/wp-content\/uploads\/2025\/04\/partenaires_0011_banniere-MPB-18x9.jpg 18w, https:\/\/jardinsonorefestival.com\/wp-content\/uploads\/2025\/04\/partenaires_0011_banniere-MPB.jpg 800w\" sizes=\"(max-width: 300px) 100vw, 300px\" \/>\t\t\t\t\t\t\t\t<\/a>\n\t\t\t\t\t\t\t\t\t\t\t\t\t\t\t<\/div>\n\t\t\t\t<div class=\"elementor-element elementor-element-567028e elementor-widget elementor-widget-image\" data-id=\"567028e\" data-element_type=\"widget\" data-e-type=\"widget\" data-widget_type=\"image.default\">\n\t\t\t\t\t\t\t\t\t\t\t\t\t\t\t\t<a href=\"https:\/\/www.tunnelsprado.com\/\">\n\t\t\t\t\t\t\t<img loading=\"lazy\" decoding=\"async\" width=\"300\" height=\"150\" src=\"https:\/\/jardinsonorefestival.com\/wp-content\/uploads\/2025\/04\/partenaires_0005_Logos-Tunnels-Prado-unique-300x150.jpg\" class=\"attachment-medium size-medium wp-image-1763\" alt=\"\" srcset=\"https:\/\/jardinsonorefestival.com\/wp-content\/uploads\/2025\/04\/partenaires_0005_Logos-Tunnels-Prado-unique-300x150.jpg 300w, https:\/\/jardinsonorefestival.com\/wp-content\/uploads\/2025\/04\/partenaires_0005_Logos-Tunnels-Prado-unique-768x384.jpg 768w, https:\/\/jardinsonorefestival.com\/wp-content\/uploads\/2025\/04\/partenaires_0005_Logos-Tunnels-Prado-unique-18x9.jpg 18w, https:\/\/jardinsonorefestival.com\/wp-content\/uploads\/2025\/04\/partenaires_0005_Logos-Tunnels-Prado-unique.jpg 800w\" sizes=\"(max-width: 300px) 100vw, 300px\" \/>\t\t\t\t\t\t\t\t<\/a>\n\t\t\t\t\t\t\t\t\t\t\t\t\t\t\t<\/div>\n\t\t\t\t<div class=\"elementor-element elementor-element-1c1f3be elementor-widget elementor-widget-image\" data-id=\"1c1f3be\" data-element_type=\"widget\" data-e-type=\"widget\" data-widget_type=\"image.default\">\n\t\t\t\t\t\t\t\t\t\t\t\t\t\t\t\t<a href=\"https:\/\/www.biocoop.fr\/\">\n\t\t\t\t\t\t\t<img loading=\"lazy\" decoding=\"async\" width=\"300\" height=\"150\" src=\"https:\/\/jardinsonorefestival.com\/wp-content\/uploads\/2025\/04\/partenaires_0010_Biocoop-Les-Temps-Bio-300x150.jpg\" class=\"attachment-medium size-medium wp-image-1758\" alt=\"\" srcset=\"https:\/\/jardinsonorefestival.com\/wp-content\/uploads\/2025\/04\/partenaires_0010_Biocoop-Les-Temps-Bio-300x150.jpg 300w, https:\/\/jardinsonorefestival.com\/wp-content\/uploads\/2025\/04\/partenaires_0010_Biocoop-Les-Temps-Bio-768x384.jpg 768w, https:\/\/jardinsonorefestival.com\/wp-content\/uploads\/2025\/04\/partenaires_0010_Biocoop-Les-Temps-Bio-18x9.jpg 18w, https:\/\/jardinsonorefestival.com\/wp-content\/uploads\/2025\/04\/partenaires_0010_Biocoop-Les-Temps-Bio.jpg 800w\" sizes=\"(max-width: 300px) 100vw, 300px\" \/>\t\t\t\t\t\t\t\t<\/a>\n\t\t\t\t\t\t\t\t\t\t\t\t\t\t\t<\/div>\n\t\t\t\t<div class=\"elementor-element elementor-element-9a65def elementor-widget elementor-widget-image\" data-id=\"9a65def\" data-element_type=\"widget\" data-e-type=\"widget\" data-widget_type=\"image.default\">\n\t\t\t\t\t\t\t\t\t\t\t\t\t\t\t\t<a href=\"https:\/\/www.facebook.com\/profile.php?id=100089217309586&#038;sk=about\">\n\t\t\t\t\t\t\t<img loading=\"lazy\" decoding=\"async\" width=\"300\" height=\"150\" src=\"https:\/\/jardinsonorefestival.com\/wp-content\/uploads\/2026\/03\/13event-300x150.jpg\" class=\"attachment-medium size-medium wp-image-2691\" alt=\"\" srcset=\"https:\/\/jardinsonorefestival.com\/wp-content\/uploads\/2026\/03\/13event-300x150.jpg 300w, https:\/\/jardinsonorefestival.com\/wp-content\/uploads\/2026\/03\/13event-768x384.jpg 768w, https:\/\/jardinsonorefestival.com\/wp-content\/uploads\/2026\/03\/13event-18x9.jpg 18w, https:\/\/jardinsonorefestival.com\/wp-content\/uploads\/2026\/03\/13event.jpg 800w\" sizes=\"(max-width: 300px) 100vw, 300px\" \/>\t\t\t\t\t\t\t\t<\/a>\n\t\t\t\t\t\t\t\t\t\t\t\t\t\t\t<\/div>\n\t\t\t\t<div class=\"elementor-element elementor-element-20fd48d elementor-widget elementor-widget-image\" data-id=\"20fd48d\" data-element_type=\"widget\" data-e-type=\"widget\" data-widget_type=\"image.default\">\n\t\t\t\t\t\t\t\t\t\t\t\t\t\t\t\t<a href=\"https:\/\/france3-regions.franceinfo.fr\/provence-alpes-cote-d-azur\/\">\n\t\t\t\t\t\t\t<img loading=\"lazy\" decoding=\"async\" width=\"300\" height=\"150\" src=\"https:\/\/jardinsonorefestival.com\/wp-content\/uploads\/2025\/04\/partenaires_0001_ICI_Provence-Alpes_Cote_dAzur_H_RVB_Noir-300x150.jpg\" class=\"attachment-medium size-medium wp-image-1771\" alt=\"\" srcset=\"https:\/\/jardinsonorefestival.com\/wp-content\/uploads\/2025\/04\/partenaires_0001_ICI_Provence-Alpes_Cote_dAzur_H_RVB_Noir-300x150.jpg 300w, https:\/\/jardinsonorefestival.com\/wp-content\/uploads\/2025\/04\/partenaires_0001_ICI_Provence-Alpes_Cote_dAzur_H_RVB_Noir-768x384.jpg 768w, https:\/\/jardinsonorefestival.com\/wp-content\/uploads\/2025\/04\/partenaires_0001_ICI_Provence-Alpes_Cote_dAzur_H_RVB_Noir-18x9.jpg 18w, https:\/\/jardinsonorefestival.com\/wp-content\/uploads\/2025\/04\/partenaires_0001_ICI_Provence-Alpes_Cote_dAzur_H_RVB_Noir.jpg 800w\" sizes=\"(max-width: 300px) 100vw, 300px\" \/>\t\t\t\t\t\t\t\t<\/a>\n\t\t\t\t\t\t\t\t\t\t\t\t\t\t\t<\/div>\n\t\t\t\t<div class=\"elementor-element elementor-element-6c61218 elementor-widget elementor-widget-image\" data-id=\"6c61218\" data-element_type=\"widget\" data-e-type=\"widget\" data-widget_type=\"image.default\">\n\t\t\t\t\t\t\t\t\t\t\t\t\t\t\t\t<a href=\"https:\/\/www.laprovence.com\/\">\n\t\t\t\t\t\t\t<img loading=\"lazy\" decoding=\"async\" width=\"300\" height=\"150\" src=\"https:\/\/jardinsonorefestival.com\/wp-content\/uploads\/2025\/04\/partenaires_0004_LP_partnrBLEU-300x150.jpg\" class=\"attachment-medium size-medium wp-image-1764\" alt=\"\" srcset=\"https:\/\/jardinsonorefestival.com\/wp-content\/uploads\/2025\/04\/partenaires_0004_LP_partnrBLEU-300x150.jpg 300w, https:\/\/jardinsonorefestival.com\/wp-content\/uploads\/2025\/04\/partenaires_0004_LP_partnrBLEU-768x384.jpg 768w, https:\/\/jardinsonorefestival.com\/wp-content\/uploads\/2025\/04\/partenaires_0004_LP_partnrBLEU-18x9.jpg 18w, https:\/\/jardinsonorefestival.com\/wp-content\/uploads\/2025\/04\/partenaires_0004_LP_partnrBLEU.jpg 800w\" sizes=\"(max-width: 300px) 100vw, 300px\" \/>\t\t\t\t\t\t\t\t<\/a>\n\t\t\t\t\t\t\t\t\t\t\t\t\t\t\t<\/div>\n\t\t\t\t<div class=\"elementor-element elementor-element-9bda3f8 elementor-widget elementor-widget-image\" data-id=\"9bda3f8\" data-element_type=\"widget\" data-e-type=\"widget\" data-widget_type=\"image.default\">\n\t\t\t\t\t\t\t\t\t\t\t\t\t\t\t\t<a href=\"https:\/\/www.lamarseillaise.fr\/\">\n\t\t\t\t\t\t\t<img loading=\"lazy\" decoding=\"async\" width=\"300\" height=\"150\" src=\"https:\/\/jardinsonorefestival.com\/wp-content\/uploads\/2026\/03\/lamarseillaise_logo-300x150.jpg\" class=\"attachment-medium size-medium wp-image-2687\" alt=\"\" srcset=\"https:\/\/jardinsonorefestival.com\/wp-content\/uploads\/2026\/03\/lamarseillaise_logo-300x150.jpg 300w, https:\/\/jardinsonorefestival.com\/wp-content\/uploads\/2026\/03\/lamarseillaise_logo-768x384.jpg 768w, https:\/\/jardinsonorefestival.com\/wp-content\/uploads\/2026\/03\/lamarseillaise_logo-18x9.jpg 18w, https:\/\/jardinsonorefestival.com\/wp-content\/uploads\/2026\/03\/lamarseillaise_logo.jpg 800w\" sizes=\"(max-width: 300px) 100vw, 300px\" \/>\t\t\t\t\t\t\t\t<\/a>\n\t\t\t\t\t\t\t\t\t\t\t\t\t\t\t<\/div>\n\t\t\t\t<div class=\"elementor-element elementor-element-5d845f2 elementor-widget elementor-widget-image\" data-id=\"5d845f2\" data-element_type=\"widget\" data-e-type=\"widget\" data-widget_type=\"image.default\">\n\t\t\t\t\t\t\t\t\t\t\t\t\t\t\t\t<a href=\"https:\/\/www.rtl2.fr\/\">\n\t\t\t\t\t\t\t<img loading=\"lazy\" decoding=\"async\" width=\"300\" height=\"150\" src=\"https:\/\/jardinsonorefestival.com\/wp-content\/uploads\/2025\/04\/partenaires_0001_RTL2-logo-pour-fond-clair-Copie-300x150.jpg\" class=\"attachment-medium size-medium wp-image-1767\" alt=\"\" srcset=\"https:\/\/jardinsonorefestival.com\/wp-content\/uploads\/2025\/04\/partenaires_0001_RTL2-logo-pour-fond-clair-Copie-300x150.jpg 300w, https:\/\/jardinsonorefestival.com\/wp-content\/uploads\/2025\/04\/partenaires_0001_RTL2-logo-pour-fond-clair-Copie-768x384.jpg 768w, https:\/\/jardinsonorefestival.com\/wp-content\/uploads\/2025\/04\/partenaires_0001_RTL2-logo-pour-fond-clair-Copie-18x9.jpg 18w, https:\/\/jardinsonorefestival.com\/wp-content\/uploads\/2025\/04\/partenaires_0001_RTL2-logo-pour-fond-clair-Copie.jpg 800w\" sizes=\"(max-width: 300px) 100vw, 300px\" \/>\t\t\t\t\t\t\t\t<\/a>\n\t\t\t\t\t\t\t\t\t\t\t\t\t\t\t<\/div>\n\t\t\t\t<\/div>\n\t\t\t\t\t<\/div>\n\t\t\t\t<\/div>\n\t\t\t\t<\/div>","protected":false},"excerpt":{"rendered":"<p>PARTNERS<\/p>","protected":false},"author":1,"featured_media":0,"parent":0,"menu_order":13,"comment_status":"closed","ping_status":"closed","template":"","meta":{"_acf_changed":false,"footnotes":""},"class_list":["post-1755","page","type-page","status-publish","hentry"],"acf":[],"yoast_head":"<!-- This site is optimized with the Yoast SEO plugin v26.9 - https:\/\/yoast.com\/product\/yoast-seo-wordpress\/ -->\n<title>Partenaires - Jardin Sonore Festival<\/title>\n<meta name=\"description\" content=\"Depuis 2018, le festival Jardin Sonore, port\u00e9 par Village42, se d\u00e9roule en juillet \u00e0 Vitrolles pour plusieurs soir\u00e9es de concerts.\" \/>\n<meta name=\"robots\" content=\"index, follow, max-snippet:-1, max-image-preview:large, max-video-preview:-1\" \/>\n<link rel=\"canonical\" href=\"https:\/\/jardinsonorefestival.com\/en\/partenaires\/\" \/>\n<meta property=\"og:locale\" content=\"en_GB\" \/>\n<meta property=\"og:type\" content=\"article\" \/>\n<meta property=\"og:title\" content=\"Partenaires - Jardin Sonore Festival\" \/>\n<meta property=\"og:description\" content=\"Depuis 2018, le festival Jardin Sonore, port\u00e9 par Village42, se d\u00e9roule en juillet \u00e0 Vitrolles pour plusieurs soir\u00e9es de concerts.\" \/>\n<meta property=\"og:url\" content=\"https:\/\/jardinsonorefestival.com\/en\/partenaires\/\" \/>\n<meta property=\"og:site_name\" content=\"Jardin Sonore Festival\" \/>\n<meta property=\"article:publisher\" content=\"https:\/\/www.facebook.com\/JardinSonoreFestival\" \/>\n<meta property=\"article:modified_time\" content=\"2026-03-18T12:59:34+00:00\" \/>\n<meta property=\"og:image\" content=\"https:\/\/jardinsonorefestival.com\/wp-content\/uploads\/2025\/04\/partenaires_0012_Logo-Vitrolles.jpg\" \/>\n\t<meta property=\"og:image:width\" content=\"800\" \/>\n\t<meta property=\"og:image:height\" content=\"400\" \/>\n\t<meta property=\"og:image:type\" content=\"image\/jpeg\" \/>\n<meta name=\"twitter:card\" content=\"summary_large_image\" \/>\n<meta name=\"twitter:site\" content=\"@jardinsonore\" \/>\n<meta name=\"twitter:label1\" content=\"Estimated reading time\" \/>\n\t<meta name=\"twitter:data1\" content=\"1 minute\" \/>\n<script type=\"application\/ld+json\" class=\"yoast-schema-graph\">{\"@context\":\"https:\/\/schema.org\",\"@graph\":[{\"@type\":\"WebPage\",\"@id\":\"https:\/\/jardinsonorefestival.com\/partenaires\/\",\"url\":\"https:\/\/jardinsonorefestival.com\/partenaires\/\",\"name\":\"Partenaires - Jardin Sonore Festival\",\"isPartOf\":{\"@id\":\"https:\/\/jardinsonorefestival.com\/#website\"},\"primaryImageOfPage\":{\"@id\":\"https:\/\/jardinsonorefestival.com\/partenaires\/#primaryimage\"},\"image\":{\"@id\":\"https:\/\/jardinsonorefestival.com\/partenaires\/#primaryimage\"},\"thumbnailUrl\":\"https:\/\/jardinsonorefestival.com\/wp-content\/uploads\/2025\/04\/partenaires_0012_Logo-Vitrolles-300x150.jpg\",\"datePublished\":\"2025-04-17T14:12:48+00:00\",\"dateModified\":\"2026-03-18T12:59:34+00:00\",\"description\":\"Depuis 2018, le festival Jardin Sonore, port\u00e9 par Village42, se d\u00e9roule en juillet \u00e0 Vitrolles pour plusieurs soir\u00e9es de concerts.\",\"breadcrumb\":{\"@id\":\"https:\/\/jardinsonorefestival.com\/partenaires\/#breadcrumb\"},\"inLanguage\":\"en-GB\",\"potentialAction\":[{\"@type\":\"ReadAction\",\"target\":[\"https:\/\/jardinsonorefestival.com\/partenaires\/\"]}]},{\"@type\":\"ImageObject\",\"inLanguage\":\"en-GB\",\"@id\":\"https:\/\/jardinsonorefestival.com\/partenaires\/#primaryimage\",\"url\":\"https:\/\/jardinsonorefestival.com\/wp-content\/uploads\/2025\/04\/partenaires_0012_Logo-Vitrolles-300x150.jpg\",\"contentUrl\":\"https:\/\/jardinsonorefestival.com\/wp-content\/uploads\/2025\/04\/partenaires_0012_Logo-Vitrolles-300x150.jpg\"},{\"@type\":\"BreadcrumbList\",\"@id\":\"https:\/\/jardinsonorefestival.com\/partenaires\/#breadcrumb\",\"itemListElement\":[{\"@type\":\"ListItem\",\"position\":1,\"name\":\"Accueil\",\"item\":\"https:\/\/jardinsonorefestival.com\/\"},{\"@type\":\"ListItem\",\"position\":2,\"name\":\"Partenaires\"}]},{\"@type\":\"WebSite\",\"@id\":\"https:\/\/jardinsonorefestival.com\/#website\",\"url\":\"https:\/\/jardinsonorefestival.com\/\",\"name\":\"Jardin Sonore Festival\",\"description\":\"JUILLET 2026 - VITROLLES\",\"publisher\":{\"@id\":\"https:\/\/jardinsonorefestival.com\/#organization\"},\"potentialAction\":[{\"@type\":\"SearchAction\",\"target\":{\"@type\":\"EntryPoint\",\"urlTemplate\":\"https:\/\/jardinsonorefestival.com\/?s={search_term_string}\"},\"query-input\":{\"@type\":\"PropertyValueSpecification\",\"valueRequired\":true,\"valueName\":\"search_term_string\"}}],\"inLanguage\":\"en-GB\"},{\"@type\":\"Organization\",\"@id\":\"https:\/\/jardinsonorefestival.com\/#organization\",\"name\":\"Jardin Sonore Festival\",\"url\":\"https:\/\/jardinsonorefestival.com\/\",\"logo\":{\"@type\":\"ImageObject\",\"inLanguage\":\"en-GB\",\"@id\":\"https:\/\/jardinsonorefestival.com\/#\/schema\/logo\/image\/\",\"url\":\"https:\/\/jardinsonorefestival.com\/wp-content\/uploads\/2024\/11\/jsf26_favicon.jpg\",\"contentUrl\":\"https:\/\/jardinsonorefestival.com\/wp-content\/uploads\/2024\/11\/jsf26_favicon.jpg\",\"width\":512,\"height\":512,\"caption\":\"Jardin Sonore Festival\"},\"image\":{\"@id\":\"https:\/\/jardinsonorefestival.com\/#\/schema\/logo\/image\/\"},\"sameAs\":[\"https:\/\/www.facebook.com\/JardinSonoreFestival\",\"https:\/\/x.com\/jardinsonore\",\"https:\/\/www.instagram.com\/jardin_sonore\/\",\"https:\/\/www.tiktok.com\/@jardinsonorefestival\",\"https:\/\/www.youtube.com\/@JardinSonoreFestival\"]}]}<\/script>\n<!-- \/ Yoast SEO plugin. -->","yoast_head_json":{"title":"Partners - Jardin Sonore Festival","description":"Since 2018, the Jardin Sonore festival, supported by Village42, has been taking place in July in Vitrolles for several evenings of concerts.","robots":{"index":"index","follow":"follow","max-snippet":"max-snippet:-1","max-image-preview":"max-image-preview:large","max-video-preview":"max-video-preview:-1"},"canonical":"https:\/\/jardinsonorefestival.com\/en\/partenaires\/","og_locale":"en_GB","og_type":"article","og_title":"Partenaires - Jardin Sonore Festival","og_description":"Depuis 2018, le festival Jardin Sonore, port\u00e9 par Village42, se d\u00e9roule en juillet \u00e0 Vitrolles pour plusieurs soir\u00e9es de concerts.","og_url":"https:\/\/jardinsonorefestival.com\/en\/partenaires\/","og_site_name":"Jardin Sonore Festival","article_publisher":"https:\/\/www.facebook.com\/JardinSonoreFestival","article_modified_time":"2026-03-18T12:59:34+00:00","og_image":[{"width":800,"height":400,"url":"https:\/\/jardinsonorefestival.com\/wp-content\/uploads\/2025\/04\/partenaires_0012_Logo-Vitrolles.jpg","type":"image\/jpeg"}],"twitter_card":"summary_large_image","twitter_site":"@jardinsonore","twitter_misc":{"Estimated reading time":"1 minute"},"schema":{"@context":"https:\/\/schema.org","@graph":[{"@type":"WebPage","@id":"https:\/\/jardinsonorefestival.com\/partenaires\/","url":"https:\/\/jardinsonorefestival.com\/partenaires\/","name":"Partners - Jardin Sonore Festival","isPartOf":{"@id":"https:\/\/jardinsonorefestival.com\/#website"},"primaryImageOfPage":{"@id":"https:\/\/jardinsonorefestival.com\/partenaires\/#primaryimage"},"image":{"@id":"https:\/\/jardinsonorefestival.com\/partenaires\/#primaryimage"},"thumbnailUrl":"https:\/\/jardinsonorefestival.com\/wp-content\/uploads\/2025\/04\/partenaires_0012_Logo-Vitrolles-300x150.jpg","datePublished":"2025-04-17T14:12:48+00:00","dateModified":"2026-03-18T12:59:34+00:00","description":"Since 2018, the Jardin Sonore festival, supported by Village42, has been taking place in July in Vitrolles for several evenings of concerts.","breadcrumb":{"@id":"https:\/\/jardinsonorefestival.com\/partenaires\/#breadcrumb"},"inLanguage":"en-GB","potentialAction":[{"@type":"ReadAction","target":["https:\/\/jardinsonorefestival.com\/partenaires\/"]}]},{"@type":"ImageObject","inLanguage":"en-GB","@id":"https:\/\/jardinsonorefestival.com\/partenaires\/#primaryimage","url":"https:\/\/jardinsonorefestival.com\/wp-content\/uploads\/2025\/04\/partenaires_0012_Logo-Vitrolles-300x150.jpg","contentUrl":"https:\/\/jardinsonorefestival.com\/wp-content\/uploads\/2025\/04\/partenaires_0012_Logo-Vitrolles-300x150.jpg"},{"@type":"BreadcrumbList","@id":"https:\/\/jardinsonorefestival.com\/partenaires\/#breadcrumb","itemListElement":[{"@type":"ListItem","position":1,"name":"Accueil","item":"https:\/\/jardinsonorefestival.com\/"},{"@type":"ListItem","position":2,"name":"Partenaires"}]},{"@type":"WebSite","@id":"https:\/\/jardinsonorefestival.com\/#website","url":"https:\/\/jardinsonorefestival.com\/","name":"Jardin Sonore Festival","description":"JULY 2026 - VITROLLES","publisher":{"@id":"https:\/\/jardinsonorefestival.com\/#organization"},"potentialAction":[{"@type":"SearchAction","target":{"@type":"EntryPoint","urlTemplate":"https:\/\/jardinsonorefestival.com\/?s={search_term_string}"},"query-input":{"@type":"PropertyValueSpecification","valueRequired":true,"valueName":"search_term_string"}}],"inLanguage":"en-GB"},{"@type":"Organization","@id":"https:\/\/jardinsonorefestival.com\/#organization","name":"Jardin Sonore Festival","url":"https:\/\/jardinsonorefestival.com\/","logo":{"@type":"ImageObject","inLanguage":"en-GB","@id":"https:\/\/jardinsonorefestival.com\/#\/schema\/logo\/image\/","url":"https:\/\/jardinsonorefestival.com\/wp-content\/uploads\/2024\/11\/jsf26_favicon.jpg","contentUrl":"https:\/\/jardinsonorefestival.com\/wp-content\/uploads\/2024\/11\/jsf26_favicon.jpg","width":512,"height":512,"caption":"Jardin Sonore Festival"},"image":{"@id":"https:\/\/jardinsonorefestival.com\/#\/schema\/logo\/image\/"},"sameAs":["https:\/\/www.facebook.com\/JardinSonoreFestival","https:\/\/x.com\/jardinsonore","https:\/\/www.instagram.com\/jardin_sonore\/","https:\/\/www.tiktok.com\/@jardinsonorefestival","https:\/\/www.youtube.com\/@JardinSonoreFestival"]}]}},"_links":{"self":[{"href":"https:\/\/jardinsonorefestival.com\/en\/wp-json\/wp\/v2\/pages\/1755","targetHints":{"allow":["GET"]}}],"collection":[{"href":"https:\/\/jardinsonorefestival.com\/en\/wp-json\/wp\/v2\/pages"}],"about":[{"href":"https:\/\/jardinsonorefestival.com\/en\/wp-json\/wp\/v2\/types\/page"}],"author":[{"embeddable":true,"href":"https:\/\/jardinsonorefestival.com\/en\/wp-json\/wp\/v2\/users\/1"}],"replies":[{"embeddable":true,"href":"https:\/\/jardinsonorefestival.com\/en\/wp-json\/wp\/v2\/comments?post=1755"}],"version-history":[{"count":28,"href":"https:\/\/jardinsonorefestival.com\/en\/wp-json\/wp\/v2\/pages\/1755\/revisions"}],"predecessor-version":[{"id":2697,"href":"https:\/\/jardinsonorefestival.com\/en\/wp-json\/wp\/v2\/pages\/1755\/revisions\/2697"}],"wp:attachment":[{"href":"https:\/\/jardinsonorefestival.com\/en\/wp-json\/wp\/v2\/media?parent=1755"}],"curies":[{"name":"wp","href":"https:\/\/api.w.org\/{rel}","templated":true}]}}